{"id":220,"date":"2017-11-10T22:21:14","date_gmt":"2017-11-10T21:21:14","guid":{"rendered":"http:\/\/www.appelpsy.be\/?page_id=220"},"modified":"2017-11-10T22:36:26","modified_gmt":"2017-11-10T21:36:26","slug":"communique-de-fondation","status":"publish","type":"page","link":"https:\/\/www.appelpsy.be\/index.php\/fr\/communique-de-fondation\/","title":{"rendered":"Communiqu\u00e9 de fondation"},"content":{"rendered":"<p style=\"text-align: justify;\">Communiqu\u00e9 de presse, 9 janvier 2017<\/p>\n<p style=\"text-align: justify;\">Cr\u00e9ation de l\u2019Association professionnelle des Psychologues de la Parole et du Langage \u2013 APPELpsy<sup>1<\/sup><\/p>\n<p style=\"text-align: justify;\">Le 21 octobre 2016 au Service Social Juif \u00e0 Bruxelles s\u2019est constitu\u00e9 un Collectif<sup>2<\/sup> qui r\u00e9pondait aux inqui\u00e9tudes des professionnels du champ psy de voir leur pratique toujours plus mise sous la tutelle de l\u2019\u00c9tat avec les cons\u00e9quences de r\u00e9duction des libert\u00e9s qui touchent \u00e0 la vie mentale des citoyens<sup>3<\/sup>. Avant l\u2019\u00e9t\u00e9, en juin, plus de 22 000 signataires<sup>4<\/sup> de p\u00e9titions au Nord et au Sud du pays s\u2019\u00e9taient oppos\u00e9s au vote de la loi sur les professions de soins de sant\u00e9 mentale, pass\u00e9e finalement en force par la ministre de la sant\u00e9 Maggie De Block. Le 15 d\u00e9cembre, les initiateurs du Collectif des praticiens de la parole et du langage d\u00e9cidaient de fonder APPELpsy c\u00f4t\u00e9 francophone et KLIpsy c\u00f4t\u00e9 n\u00e9erlandophone. Ces deux associations professionnelles de Psychologues cliniciens sont en place et comptaient d\u00e9j\u00e0 pr\u00e8s de 200 psychologues deux semaines apr\u00e8s leur fondation.<\/p>\n<p style=\"text-align: justify;\">Dans sa conf\u00e9rence de lancement de la nouvelle l\u00e9gislation sur les soins de sant\u00e9 mentale du 28 septembre, la ministre a d\u00e9voil\u00e9 les axes de sa r\u00e9forme de l\u2019AR 78. S\u2019y opposant par une parution quotidienne depuis octobre, le COPEL-COBES effectue une interpr\u00e9tation continue des textes et actions mises en \u0153uvre par le minist\u00e8re de la sant\u00e9 afin de r\u00e9v\u00e9ler les v\u00e9ritables enjeux que masquent les \u00e9l\u00e9ments de langage communicationnels comme \u00ab droit du patient, multidisciplinarit\u00e9, pratique par les preuves, d\u00e9coupage par comp\u00e9tences \u00bb. La ministre souligne qu\u2019il subsiste un contr\u00f4le insuffisant de la qualit\u00e9 des soins, des droits de la d\u00e9fense non garantis et un contr\u00f4le des r\u00e8gles d\u00e9ontologiques inexistant ou restreint. Il ne s\u2019agit rien de moins que d\u2019imposer un \u00ab Contr\u00f4le Qualit\u00e9 \u00bb au secteur des pratiques de l\u2019\u00e9coute. Les psychologues rassembl\u00e9s dans APPELpsy-KLIpsy entendent l\u00e0 un r\u00e9quisitoire qui vise, sous pr\u00e9texte d\u2019am\u00e9liorer la qualit\u00e9 des soins, \u00e0 un contr\u00f4le plus accru de la sant\u00e9 mentale de tout un chacun.<\/p>\n<p style=\"text-align: justify;\">Le \u00ab contr\u00f4le qualit\u00e9 \u00bb est une proc\u00e9dure pr\u00e9cise qui provient du monde de l\u2019industrie pour v\u00e9rifier l\u2019\u00e9quivalence du produit avec son mod\u00e8le, ce qui certifie sa conformit\u00e9. Appliqu\u00e9 \u00e0 l\u2019humain, c\u2019est un nouveau monde qui se pr\u00e9pare. Un Congr\u00e8s international se tiendra au Palais des Congr\u00e8s de Bruxelles en juillet et r\u00e9unira plusieurs milliers de praticiens du champ psy pour interroger ce nouveau monde et les normes qui l\u2019accompagnent<sup>5 <\/sup>. L\u2019industrie 4.0 \u00e9tendue \u00e0 la vie psychique des souffrants ne conna\u00eetra plus aucune exception, le paradigme du chiffre aura pris le pas sur toute subjectivit\u00e9.<\/p>\n<p style=\"text-align: justify;\">Le Collectif des praticiens de la parole et du langage s\u2019interroge : jusqu\u2019o\u00f9 ira l\u2019arbitraire du chiffre ? La ligne rouge est franchie en s\u2019attaquant \u00e0 la sant\u00e9 mentale. Il faudra des \u00ab prestataires de soins \u00bb au profil de comp\u00e9tences \u00ab iso \u00bb pour qu\u2019ils puissent \u00eatre d\u00fbment contr\u00f4l\u00e9s, des soins de sant\u00e9 int\u00e9gr\u00e9s et multidisciplinaires pour que surtout le patient n\u2019ait plus d\u2019interlocuteurs valables, mais un syst\u00e8me de soins performant. Le patient sera au centre du syst\u00e8me gr\u00e2ce au Dossier Global Int\u00e9gr\u00e9, le DIP ! Log\u00e9 dans le Cloud computing, identifiable \u00e0 partir de sa carte d\u2019identit\u00e9 biom\u00e9trique, partageable<br \/>\ngr\u00e2ce \u00e0 l\u2019extension de la notion de \u00ab secret professionnel partag\u00e9 \u00bb dans le code de d\u00e9ontologie du psychologue<sup>6 <\/sup>, le DIP sera l\u2019arme fatale du syst\u00e8me : il consacre la fin de l\u2019intime !<\/p>\n<p style=\"text-align: justify;\">Dans le dispositif pr\u00e9vu, un Conseil F\u00e9d\u00e9ral des soins de sant\u00e9 mentale doit \u00eatre mis en place, candidature \u00e0 d\u00e9poser avant le 30 janvier. APPELpsy et KLIpsy ont \u00e9t\u00e9 fond\u00e9s pour repr\u00e9senter la force de combat du COPEL-COBES au sein du Conseil<br \/>\nF\u00e9d\u00e9ral. A ce jour ils remplissent d\u2019ores et d\u00e9j\u00e0 tous les crit\u00e8res pour \u00eatre candidats selon les termes de l\u2019A.R.<\/p>\n<p style=\"text-align: left;\"><strong>Gil Caroz (responsable du COPEL-COBES), Monique Kusnierek (pr\u00e9sidente ACF-B), Dominique Holvoet (pr\u00e9sident<\/strong><br \/>\n<strong> APPELpsy), Katty Langelez (vice-pr\u00e9sidente ACF-B), Guy Poblome (vice-pr\u00e9sident APPELpsy), Yves Vanderveken<\/strong><br \/>\n<strong> Les fondateurs d\u2019APPELpsy<\/strong><\/p>\n<p><span style=\"font-size: 10pt;\">1. https:\/\/blogs.mediapart.fr\/rene-fiori\/blog\/201216\/en-belgique-ca-chauffe-avec-lappel-psy<\/span><br \/>\n<span style=\"font-size: 10pt;\">2. Le COPEL-COBES, Collectif des Praticiens de la Parole et du Langage.<\/span><br \/>\n<span style=\"font-size: 10pt;\"> https:\/\/www.facebook.com\/Collectifdespraticiensdelaparole\/<\/span><br \/>\n<span style=\"font-size: 10pt;\"> http:\/\/pro.guidesocial.be\/actualites\/le-copel-cobes-un-collectif-citoyen-contre-une-tentative-d-assassinat.html<\/span><br \/>\n<span style=\"font-size: 10pt;\"> 3. \u00ab Ce collectif s\u2019est constitu\u00e9 en pr\u00e9sence de plus de 200 praticiens de formations diverses, r\u00e9unis ce jour l\u00e0<\/span><br \/>\n<span style=\"font-size: 10pt;\"> 4. http:\/\/www.lesoir.be\/1246910\/article\/actualite\/fil-info\/fil-info-belgique\/2016-06-22\/plus-22000-signatures-recoltees-<\/span><span style=\"font-size: 10pt;\">contre-reforme-psychotherapie<\/span><br \/>\n<span style=\"font-size: 10pt;\"> 5. PIPOL 8 : 1-2 juillet 2017 au Palais des Congr\u00e8s \u00e0 Bruxelles, \u00ab La clinique hors les normes \u00bb. www.pipol8.eu<\/span><br \/>\n<span style=\"font-size: 10pt;\"> 6. Le code est r\u00e9put\u00e9 en contradiction avec le droit public du fait de modifications de derni\u00e8re minute par le minist\u00e8re sans <\/span><span style=\"font-size: 10pt;\">l\u2019aval de ses contributeurs. http:\/\/apppsy.be\/docs\/txt\/Lesecretprofessionnelenperil-2.pdf<\/span><\/p>\n","protected":false},"excerpt":{"rendered":"<p>Communiqu\u00e9 de presse, 9 janvier 2017 Cr\u00e9ation de l\u2019Association professionnelle des Psychologues de la Parole et du Langage \u2013 APPELpsy1 Le 21 octobre 2016 au Service Social Juif \u00e0 Bruxelles s\u2019est constitu\u00e9 un Collectif2 qui r\u00e9pondait aux inqui\u00e9tudes des professionnels du champ psy de voir leur pratique toujours plus mise sous la tutelle de l\u2019\u00c9tat&#8230;<\/p>\n","protected":false},"author":1,"featured_media":0,"parent":0,"menu_order":0,"comment_status":"closed","ping_status":"closed","template":"","meta":{"_mi_skip_tracking":false},"_links":{"self":[{"href":"https:\/\/www.appelpsy.be\/index.php\/wp-json\/wp\/v2\/pages\/220"}],"collection":[{"href":"https:\/\/www.appelpsy.be\/index.php\/wp-json\/wp\/v2\/pages"}],"about":[{"href":"https:\/\/www.appelpsy.be\/index.php\/wp-json\/wp\/v2\/types\/page"}],"author":[{"embeddable":true,"href":"https:\/\/www.appelpsy.be\/index.php\/wp-json\/wp\/v2\/users\/1"}],"replies":[{"embeddable":true,"href":"https:\/\/www.appelpsy.be\/index.php\/wp-json\/wp\/v2\/comments?post=220"}],"version-history":[{"count":9,"href":"https:\/\/www.appelpsy.be\/index.php\/wp-json\/wp\/v2\/pages\/220\/revisions"}],"predecessor-version":[{"id":231,"href":"https:\/\/www.appelpsy.be\/index.php\/wp-json\/wp\/v2\/pages\/220\/revisions\/231"}],"wp:attachment":[{"href":"https:\/\/www.appelpsy.be\/index.php\/wp-json\/wp\/v2\/media?parent=220"}],"curies":[{"name":"wp","href":"https:\/\/api.w.org\/{rel}","templated":true}]}}