{"id":236,"date":"2017-11-10T22:52:34","date_gmt":"2017-11-10T21:52:34","guid":{"rendered":"http:\/\/www.appelpsy.be\/?page_id=236"},"modified":"2025-09-03T13:36:15","modified_gmt":"2025-09-03T11:36:15","slug":"communiques","status":"publish","type":"page","link":"https:\/\/www.appelpsy.be\/index.php\/fr\/communiques\/","title":{"rendered":"Communiqu\u00e9s"},"content":{"rendered":"<ul style=\"list-style-type: disc;\">\n<li><a href=\"http:\/\/www.appelpsy.be\/wp-content\/uploads\/2025\/09\/Demande-annulation-loi-du-6-fevrier-2024.pdf\"><strong>Lettre<\/strong>\u00a0+ <strong>analyse<\/strong> + <strong>d\u00e9cision<\/strong><\/a> concernant la d<span data-olk-copy-source=\"MessageBody\">emande d&rsquo;annulation de certains arr\u00eat\u00e9s de la loi du 6 f\u00e9vrier 2024 \u00ab\u00a0modifiant la loi du 22 ao\u00fbt 2002 relative aux droits du patient et modifiant les dispositions en mati\u00e8re de droits du patient dans d\u2019autres lois en mati\u00e8re de sant\u00e9\u00a0\u00bb \u2013 annonce du 3 ao\u00fbt 2025.<\/span><\/li>\n<li>\n<h5><a href=\"http:\/\/www.appelpsy.be\/wp-content\/uploads\/2024\/12\/Communique-de-presse-Recours-CC-APPELPSY-KLIPSY-sept-2024.pdf\">Communiqu\u00e9 de presse : Le droit \u00e0 la vie priv\u00e9e et le secret professionnel en danger !<\/a><\/h5>\n<\/li>\n<li>\n<h5><a href=\"http:\/\/www.appelpsy.be\/wp-content\/uploads\/2024\/02\/Courrier-Clarinval-Compsy-2023.pdf\">Lettre \u00e0 David Clarinval, ministre f\u00e9d\u00e9ral des Classes Moyennes, des ind\u00e9pendants, des PME, de l&rsquo;Agriculture et des R\u00e9formes institutionnelles, ministre de tutelle de le Commission des psychologues<\/a><\/h5>\n<\/li>\n<li>\n<h5><a href=\"http:\/\/www.appelpsy.be\/index.php\/fr\/2022\/11\/15\/dpi-pour-les-mineurs-lettre-au-ministre-des-affaires-sociales-et-de-la-sante-publique\/\">DPI pour les mineurs &#8211; Lettre adress\u00e9e au Ministre des Affaires Sociales et de la Sant\u00e9 Publique Fr. Vandenbroucke<\/a><\/h5>\n<\/li>\n<li>\n<h5><a href=\"http:\/\/www.appelpsy.be\/index.php\/fr\/2022\/05\/04\/lettre-adressee-au-ministre-de-la-sante-publique-f-vandenbroucke\/\">Lettre adress\u00e9e au Ministre de la Sant\u00e9 publique F. Vandenbroucke<\/a><\/h5>\n<\/li>\n<li>\n<h5><a href=\"http:\/\/www.appelpsy.be\/index.php\/fr\/2021\/12\/07\/lettre-adressee-aux-parlementaires-et-responsables-politiques\/\">Lettre adress\u00e9e aux parlementaires et responsables politiques<\/a>, 04\/12\/2021<\/h5>\n<\/li>\n<li>\n<h5><a href=\"http:\/\/www.appelpsy.be\/index.php\/fr\/2021\/09\/24\/communique-de-presse\/\">Remboursements des soins psychologiques: des psychologues cliniciens au Conseil d\u2019Etat contre la nouvelle convention<\/a> Communiqu\u00e9 de presse du 23\/09\/21<\/h5>\n<\/li>\n<li>\n<h5><a href=\"http:\/\/www.appelpsy.be\/index.php\/fr\/2021\/09\/17\/non-a-une-mise-sous-tutelle-des-psychologues-cliniciens\/\">Non \u00e0 une mise sous tutelle des psychologues cliniciens !<\/a> H\u00e9l\u00e8ne Coppens et David Teetaert<\/h5>\n<\/li>\n<li>\n<h5><a href=\"http:\/\/www.appelpsy.be\/index.php\/nl\/2021\/09\/17\/nee-tegen-een-voogdij-van-de-klinische-psychologen\/\">Nee tegen een voogdij van de klinische psychologen !\u00a0<\/a> H\u00e9l\u00e8ne Coppens et David Teetaert<\/h5>\n<\/li>\n<li>\n<h5><a href=\"http:\/\/www.appelpsy.be\/index.php\/fr\/2019\/02\/14\/ouverture-de-lag-du-20-janvier-2018\/\">Allocution d&rsquo;ouverture de l&rsquo;Assembl\u00e9e G\u00e9n\u00e9rale, par Dominique Holvoet<\/a><\/h5>\n<h5>20\/01\/2018<\/h5>\n<\/li>\n<li>\n<h5><a href=\"http:\/\/www.appelpsy.be\/index.php\/fr\/appelpsy-officiellement-designee-comme-organisation-representative\/\">APPELpsy officiellement d\u00e9sign\u00e9e comme organisation repr\u00e9sentative<\/a>, 24\/03\/17<\/h5>\n<\/li>\n<li>\n<h5><a href=\"http:\/\/www.appelpsy.be\/index.php\/fr\/de-lurgence-a-sinscrire-a-lappelpsy-contre-la-disparition-de-lintime\/\">De l&rsquo;urgence \u00e0 s&rsquo;inscrire \u00e0 l&rsquo;APPELpsy. Contre le disparition de l&rsquo;intime<\/a>, 23\/01\/17<\/h5>\n<\/li>\n<\/ul>\n\n","protected":false},"excerpt":{"rendered":"<p>Lettre\u00a0+ analyse + d\u00e9cision concernant la demande d&rsquo;annulation de certains arr\u00eat\u00e9s de la loi du 6 f\u00e9vrier 2024 \u00ab\u00a0modifiant la loi du 22 ao\u00fbt 2002 relative aux droits du patient et modifiant les dispositions en mati\u00e8re de droits du patient dans d\u2019autres lois en mati\u00e8re de sant\u00e9\u00a0\u00bb \u2013 annonce du 3 ao\u00fbt 2025. Communiqu\u00e9 de&#8230;<\/p>\n","protected":false},"author":1,"featured_media":0,"parent":0,"menu_order":0,"comment_status":"closed","ping_status":"closed","template":"","meta":{"_mi_skip_tracking":false},"_links":{"self":[{"href":"https:\/\/www.appelpsy.be\/index.php\/wp-json\/wp\/v2\/pages\/236"}],"collection":[{"href":"https:\/\/www.appelpsy.be\/index.php\/wp-json\/wp\/v2\/pages"}],"about":[{"href":"https:\/\/www.appelpsy.be\/index.php\/wp-json\/wp\/v2\/types\/page"}],"author":[{"embeddable":true,"href":"https:\/\/www.appelpsy.be\/index.php\/wp-json\/wp\/v2\/users\/1"}],"replies":[{"embeddable":true,"href":"https:\/\/www.appelpsy.be\/index.php\/wp-json\/wp\/v2\/comments?post=236"}],"version-history":[{"count":27,"href":"https:\/\/www.appelpsy.be\/index.php\/wp-json\/wp\/v2\/pages\/236\/revisions"}],"predecessor-version":[{"id":465,"href":"https:\/\/www.appelpsy.be\/index.php\/wp-json\/wp\/v2\/pages\/236\/revisions\/465"}],"wp:attachment":[{"href":"https:\/\/www.appelpsy.be\/index.php\/wp-json\/wp\/v2\/media?parent=236"}],"curies":[{"name":"wp","href":"https:\/\/api.w.org\/{rel}","templated":true}]}}